{"id":862,"date":"2026-08-03T13:09:14","date_gmt":"2026-08-03T11:09:14","guid":{"rendered":"https:\/\/thekidsstudioparis.com\/?post_type=ventocalendar_event&#038;p=862"},"modified":"2026-08-23T18:40:37","modified_gmt":"2026-08-23T16:40:37","slug":"pop-up","status":"publish","type":"ventocalendar_event","link":"https:\/\/thekidsstudioparis.com\/fr\/event\/pop-up\/","title":{"rendered":"The Back to School Pop Up"},"content":{"rendered":"<figure class=\"wp-block-image size-large is-resized\"><img data-recalc-dims=\"1\" loading=\"lazy\" decoding=\"async\" width=\"1024\" height=\"512\" data-attachment-id=\"607\" data-permalink=\"https:\/\/thekidsstudioparis.com\/fr\/untitled-design\/\" data-orig-file=\"https:\/\/i0.wp.com\/thekidsstudioparis.com\/wp-content\/uploads\/2026\/07\/Untitled-design.png?fit=6912%2C3456&amp;ssl=1\" data-orig-size=\"6912,3456\" data-comments-opened=\"0\" data-image-meta=\"{&quot;aperture&quot;:&quot;0&quot;,&quot;credit&quot;:&quot;&quot;,&quot;camera&quot;:&quot;&quot;,&quot;caption&quot;:&quot;&quot;,&quot;created_timestamp&quot;:&quot;0&quot;,&quot;copyright&quot;:&quot;&quot;,&quot;focal_length&quot;:&quot;0&quot;,&quot;iso&quot;:&quot;0&quot;,&quot;shutter_speed&quot;:&quot;0&quot;,&quot;title&quot;:&quot;&quot;,&quot;orientation&quot;:&quot;0&quot;,&quot;alt&quot;:&quot;&quot;}\" data-image-title=\"Untitled design\" data-image-description=\"\" data-image-caption=\"\" data-large-file=\"https:\/\/i0.wp.com\/thekidsstudioparis.com\/wp-content\/uploads\/2026\/07\/Untitled-design.png?fit=1024%2C512&amp;ssl=1\" src=\"https:\/\/i0.wp.com\/thekidsstudioparis.com\/wp-content\/uploads\/2026\/07\/Untitled-design.png?resize=1024%2C512&#038;ssl=1\" alt=\"\" class=\"wp-image-607\" style=\"width:600px;height:auto\" srcset=\"https:\/\/i0.wp.com\/thekidsstudioparis.com\/wp-content\/uploads\/2026\/07\/Untitled-design.png?resize=1024%2C512&amp;ssl=1 1024w, https:\/\/i0.wp.com\/thekidsstudioparis.com\/wp-content\/uploads\/2026\/07\/Untitled-design.png?resize=300%2C150&amp;ssl=1 300w, https:\/\/i0.wp.com\/thekidsstudioparis.com\/wp-content\/uploads\/2026\/07\/Untitled-design.png?resize=768%2C384&amp;ssl=1 768w, https:\/\/i0.wp.com\/thekidsstudioparis.com\/wp-content\/uploads\/2026\/07\/Untitled-design.png?resize=1536%2C768&amp;ssl=1 1536w, https:\/\/i0.wp.com\/thekidsstudioparis.com\/wp-content\/uploads\/2026\/07\/Untitled-design.png?resize=2048%2C1024&amp;ssl=1 2048w, https:\/\/i0.wp.com\/thekidsstudioparis.com\/wp-content\/uploads\/2026\/07\/Untitled-design.png?resize=18%2C9&amp;ssl=1 18w, https:\/\/i0.wp.com\/thekidsstudioparis.com\/wp-content\/uploads\/2026\/07\/Untitled-design.png?resize=1200%2C600&amp;ssl=1 1200w, https:\/\/i0.wp.com\/thekidsstudioparis.com\/wp-content\/uploads\/2026\/07\/Untitled-design.png?w=3000&amp;ssl=1 3000w\" sizes=\"auto, (max-width: 1000px) 100vw, 1000px\" \/><\/figure>\n\n\n\n<h2 class=\"wp-block-heading\">Samedi 29 ao\u00fbt<\/h2>\n\n\n\n<h3 class=\"wp-block-heading\">C\u00e9l\u00e9brez la rentr\u00e9e avec une journ\u00e9e de projets artistiques cr\u00e9atifs, de jeux et de moments amusants.<\/h3>\n\n\n\n<p class=\"wp-block-paragraph\">The <a href=\"https:\/\/thekidsstudioparis.com\/fr\/\" data-type=\"link\" data-id=\"https:\/\/thekidsstudioparis.com\/\">Kids Studio<\/a> et <a href=\"https:\/\/www.lumierefamilyevents.fr\/\" data-type=\"link\" data-id=\"https:\/\/www.lumierefamilyevents.fr\/\">Lumi\u00e8re Family Events<\/a> s\u2019associent pour cr\u00e9er un \u00e9v\u00e9nement sp\u00e9cial de rentr\u00e9e, o\u00f9 les enfants pourront r\u00e9aliser des fournitures scolaires personnalis\u00e9es et se pr\u00e9parer avec enthousiasme pour la rentr\u00e9e.&nbsp;<\/p>\n\n\n\n<p class=\"wp-block-paragraph\"><strong>Chaque atelier propose des projets artistiques originaux, des jeux interactifs, des histoires, des cadeaux et beaucoup de plaisir !<\/strong> Kids will leave with handmade creations they&#8217;ll be excited to use on their first day back at school.<\/p>\n\n\n\n<figure class=\"wp-block-image size-large is-resized\"><img data-recalc-dims=\"1\" loading=\"lazy\" decoding=\"async\" width=\"1024\" height=\"176\" data-attachment-id=\"883\" data-permalink=\"https:\/\/thekidsstudioparis.com\/fr\/event\/pop-up\/about-banner-the-kids-studio-2-5\/\" data-orig-file=\"https:\/\/i0.wp.com\/thekidsstudioparis.com\/wp-content\/uploads\/2026\/08\/About-Banner-The-Kids-Studio-2-4.png?fit=1755%2C301&amp;ssl=1\" data-orig-size=\"1755,301\" data-comments-opened=\"0\" data-image-meta=\"{&quot;aperture&quot;:&quot;0&quot;,&quot;credit&quot;:&quot;&quot;,&quot;camera&quot;:&quot;&quot;,&quot;caption&quot;:&quot;&quot;,&quot;created_timestamp&quot;:&quot;0&quot;,&quot;copyright&quot;:&quot;&quot;,&quot;focal_length&quot;:&quot;0&quot;,&quot;iso&quot;:&quot;0&quot;,&quot;shutter_speed&quot;:&quot;0&quot;,&quot;title&quot;:&quot;&quot;,&quot;orientation&quot;:&quot;0&quot;,&quot;alt&quot;:&quot;&quot;}\" data-image-title=\"About Banner &amp;#8211; The Kids Studio (2)\" data-image-description=\"\" data-image-caption=\"\" data-large-file=\"https:\/\/i0.wp.com\/thekidsstudioparis.com\/wp-content\/uploads\/2026\/08\/About-Banner-The-Kids-Studio-2-4.png?fit=1024%2C176&amp;ssl=1\" src=\"https:\/\/i0.wp.com\/thekidsstudioparis.com\/wp-content\/uploads\/2026\/08\/About-Banner-The-Kids-Studio-2-4.png?resize=1024%2C176&#038;ssl=1\" alt=\"\" class=\"wp-image-883\" style=\"width:529px;height:auto\" srcset=\"https:\/\/i0.wp.com\/thekidsstudioparis.com\/wp-content\/uploads\/2026\/08\/About-Banner-The-Kids-Studio-2-4.png?resize=1024%2C176&amp;ssl=1 1024w, https:\/\/i0.wp.com\/thekidsstudioparis.com\/wp-content\/uploads\/2026\/08\/About-Banner-The-Kids-Studio-2-4.png?resize=300%2C51&amp;ssl=1 300w, https:\/\/i0.wp.com\/thekidsstudioparis.com\/wp-content\/uploads\/2026\/08\/About-Banner-The-Kids-Studio-2-4.png?resize=768%2C132&amp;ssl=1 768w, https:\/\/i0.wp.com\/thekidsstudioparis.com\/wp-content\/uploads\/2026\/08\/About-Banner-The-Kids-Studio-2-4.png?resize=1536%2C263&amp;ssl=1 1536w, https:\/\/i0.wp.com\/thekidsstudioparis.com\/wp-content\/uploads\/2026\/08\/About-Banner-The-Kids-Studio-2-4.png?resize=18%2C3&amp;ssl=1 18w, https:\/\/i0.wp.com\/thekidsstudioparis.com\/wp-content\/uploads\/2026\/08\/About-Banner-The-Kids-Studio-2-4.png?w=1755&amp;ssl=1 1755w\" sizes=\"auto, (max-width: 1000px) 100vw, 1000px\" \/><\/figure>\n\n\n\n<p class=\"wp-block-paragraph\">Con\u00e7u pour les enfants de 3 \u00e0 11 ans, chaque atelier est divis\u00e9 en deux groupes (3-6 ans et 7-11 ans) afin qu\u2019ils puissent cr\u00e9er et \u00e9changer avec des enfants de leur \u00e2ge.<\/p>\n\n\n\n<figure class=\"wp-block-image size-large is-resized\"><img data-recalc-dims=\"1\" loading=\"lazy\" decoding=\"async\" width=\"1024\" height=\"148\" data-attachment-id=\"867\" data-permalink=\"https:\/\/thekidsstudioparis.com\/fr\/?attachment_id=867\" data-orig-file=\"https:\/\/i0.wp.com\/thekidsstudioparis.com\/wp-content\/uploads\/2026\/06\/About-Banner-The-Kids-Studio-1.png?fit=2086%2C301&amp;ssl=1\" data-orig-size=\"2086,301\" data-comments-opened=\"0\" data-image-meta=\"{&quot;aperture&quot;:&quot;0&quot;,&quot;credit&quot;:&quot;&quot;,&quot;camera&quot;:&quot;&quot;,&quot;caption&quot;:&quot;&quot;,&quot;created_timestamp&quot;:&quot;0&quot;,&quot;copyright&quot;:&quot;&quot;,&quot;focal_length&quot;:&quot;0&quot;,&quot;iso&quot;:&quot;0&quot;,&quot;shutter_speed&quot;:&quot;0&quot;,&quot;title&quot;:&quot;&quot;,&quot;orientation&quot;:&quot;0&quot;,&quot;alt&quot;:&quot;&quot;}\" data-image-title=\"About Banner &amp;#8211; The Kids Studio (1)\" data-image-description=\"\" data-image-caption=\"\" data-large-file=\"https:\/\/i0.wp.com\/thekidsstudioparis.com\/wp-content\/uploads\/2026\/06\/About-Banner-The-Kids-Studio-1.png?fit=1024%2C148&amp;ssl=1\" src=\"https:\/\/i0.wp.com\/thekidsstudioparis.com\/wp-content\/uploads\/2026\/06\/About-Banner-The-Kids-Studio-1.png?resize=1024%2C148&#038;ssl=1\" alt=\"\" class=\"wp-image-867\" style=\"width:509px;height:auto\" srcset=\"https:\/\/i0.wp.com\/thekidsstudioparis.com\/wp-content\/uploads\/2026\/06\/About-Banner-The-Kids-Studio-1.png?resize=1024%2C148&amp;ssl=1 1024w, https:\/\/i0.wp.com\/thekidsstudioparis.com\/wp-content\/uploads\/2026\/06\/About-Banner-The-Kids-Studio-1.png?resize=300%2C43&amp;ssl=1 300w, https:\/\/i0.wp.com\/thekidsstudioparis.com\/wp-content\/uploads\/2026\/06\/About-Banner-The-Kids-Studio-1.png?resize=768%2C111&amp;ssl=1 768w, https:\/\/i0.wp.com\/thekidsstudioparis.com\/wp-content\/uploads\/2026\/06\/About-Banner-The-Kids-Studio-1.png?resize=1536%2C222&amp;ssl=1 1536w, https:\/\/i0.wp.com\/thekidsstudioparis.com\/wp-content\/uploads\/2026\/06\/About-Banner-The-Kids-Studio-1.png?resize=2048%2C296&amp;ssl=1 2048w, https:\/\/i0.wp.com\/thekidsstudioparis.com\/wp-content\/uploads\/2026\/06\/About-Banner-The-Kids-Studio-1.png?resize=18%2C3&amp;ssl=1 18w, https:\/\/i0.wp.com\/thekidsstudioparis.com\/wp-content\/uploads\/2026\/06\/About-Banner-The-Kids-Studio-1.png?resize=1200%2C173&amp;ssl=1 1200w\" sizes=\"auto, (max-width: 1000px) 100vw, 1000px\" \/><\/figure>\n\n\n\n<h2 class=\"wp-block-heading\">Session du matin : 10h00 \u2013 12h00<\/h2>\n\n\n\n<figure class=\"wp-block-image size-large is-resized\"><img data-recalc-dims=\"1\" loading=\"lazy\" decoding=\"async\" width=\"1024\" height=\"469\" data-attachment-id=\"1163\" data-permalink=\"https:\/\/thekidsstudioparis.com\/fr\/event\/pop-up\/about-banner-the-kids-studio-7\/\" data-orig-file=\"https:\/\/i0.wp.com\/thekidsstudioparis.com\/wp-content\/uploads\/2026\/08\/About-Banner-The-Kids-Studio-6.png?fit=3888%2C1780&amp;ssl=1\" data-orig-size=\"3888,1780\" data-comments-opened=\"0\" data-image-meta=\"{&quot;aperture&quot;:&quot;0&quot;,&quot;credit&quot;:&quot;&quot;,&quot;camera&quot;:&quot;&quot;,&quot;caption&quot;:&quot;&quot;,&quot;created_timestamp&quot;:&quot;0&quot;,&quot;copyright&quot;:&quot;&quot;,&quot;focal_length&quot;:&quot;0&quot;,&quot;iso&quot;:&quot;0&quot;,&quot;shutter_speed&quot;:&quot;0&quot;,&quot;title&quot;:&quot;&quot;,&quot;orientation&quot;:&quot;0&quot;,&quot;alt&quot;:&quot;&quot;}\" data-image-title=\"About Banner &amp;#8211; The Kids Studio\" data-image-description=\"\" data-image-caption=\"\" data-large-file=\"https:\/\/i0.wp.com\/thekidsstudioparis.com\/wp-content\/uploads\/2026\/08\/About-Banner-The-Kids-Studio-6.png?fit=1024%2C469&amp;ssl=1\" src=\"https:\/\/i0.wp.com\/thekidsstudioparis.com\/wp-content\/uploads\/2026\/08\/About-Banner-The-Kids-Studio-6.png?resize=1024%2C469&#038;ssl=1\" alt=\"\" class=\"wp-image-1163\" style=\"aspect-ratio:2.1835355427082486;width:509px;height:auto\" srcset=\"https:\/\/i0.wp.com\/thekidsstudioparis.com\/wp-content\/uploads\/2026\/08\/About-Banner-The-Kids-Studio-6.png?resize=1024%2C469&amp;ssl=1 1024w, https:\/\/i0.wp.com\/thekidsstudioparis.com\/wp-content\/uploads\/2026\/08\/About-Banner-The-Kids-Studio-6.png?resize=300%2C137&amp;ssl=1 300w, https:\/\/i0.wp.com\/thekidsstudioparis.com\/wp-content\/uploads\/2026\/08\/About-Banner-The-Kids-Studio-6.png?resize=768%2C352&amp;ssl=1 768w, https:\/\/i0.wp.com\/thekidsstudioparis.com\/wp-content\/uploads\/2026\/08\/About-Banner-The-Kids-Studio-6.png?resize=1536%2C703&amp;ssl=1 1536w, https:\/\/i0.wp.com\/thekidsstudioparis.com\/wp-content\/uploads\/2026\/08\/About-Banner-The-Kids-Studio-6.png?resize=2048%2C938&amp;ssl=1 2048w, https:\/\/i0.wp.com\/thekidsstudioparis.com\/wp-content\/uploads\/2026\/08\/About-Banner-The-Kids-Studio-6.png?resize=18%2C8&amp;ssl=1 18w, https:\/\/i0.wp.com\/thekidsstudioparis.com\/wp-content\/uploads\/2026\/08\/About-Banner-The-Kids-Studio-6.png?w=3000&amp;ssl=1 3000w\" sizes=\"auto, (max-width: 1000px) 100vw, 1000px\" \/><\/figure>\n\n\n\n<ul class=\"wp-block-list\">\n<li>2 heures<\/li>\n\n\n\n<li>Projets artistiques : porte-cl\u00e9s pour sac \u00e0 dos et cadre photo<\/li>\n\n\n\n<li>35\u20ac<\/li>\n\n\n\n<li>Go\u00fbter inclus<\/li>\n\n\n\n<li>For ages 3-11<\/li>\n<\/ul>\n\n\n\n<div class=\"wp-block-buttons is-layout-flex wp-block-buttons-is-layout-flex\">\n<div class=\"wp-block-button\"><a class=\"wp-block-button__link wp-element-button\" href=\"https:\/\/thekidsstudioparis.com\/fr\/2026\/08\/03\/the-back-to-school-pop-up-2\/\" style=\"border-top-left-radius:300px;border-top-right-radius:300px;border-bottom-left-radius:300px;border-bottom-right-radius:300px\">S\u2019inscrire ici<\/a><\/div>\n<\/div>\n\n\n\n<h2 class=\"wp-block-heading\">Session de l\u2019apr\u00e8s-midi : 14h00 \u2013 17h00<\/h2>\n\n\n\n<figure class=\"wp-block-image size-large is-resized\"><img data-recalc-dims=\"1\" loading=\"lazy\" decoding=\"async\" width=\"1024\" height=\"473\" data-attachment-id=\"1165\" data-permalink=\"https:\/\/thekidsstudioparis.com\/fr\/event\/pop-up\/about-banner-the-kids-studio-1-6\/\" data-orig-file=\"https:\/\/i0.wp.com\/thekidsstudioparis.com\/wp-content\/uploads\/2026\/08\/About-Banner-The-Kids-Studio-1-4.png?fit=3847%2C1777&amp;ssl=1\" data-orig-size=\"3847,1777\" data-comments-opened=\"0\" data-image-meta=\"{&quot;aperture&quot;:&quot;0&quot;,&quot;credit&quot;:&quot;&quot;,&quot;camera&quot;:&quot;&quot;,&quot;caption&quot;:&quot;&quot;,&quot;created_timestamp&quot;:&quot;0&quot;,&quot;copyright&quot;:&quot;&quot;,&quot;focal_length&quot;:&quot;0&quot;,&quot;iso&quot;:&quot;0&quot;,&quot;shutter_speed&quot;:&quot;0&quot;,&quot;title&quot;:&quot;&quot;,&quot;orientation&quot;:&quot;0&quot;,&quot;alt&quot;:&quot;&quot;}\" data-image-title=\"About Banner &amp;#8211; The Kids Studio (1)\" data-image-description=\"\" data-image-caption=\"\" data-large-file=\"https:\/\/i0.wp.com\/thekidsstudioparis.com\/wp-content\/uploads\/2026\/08\/About-Banner-The-Kids-Studio-1-4.png?fit=1024%2C473&amp;ssl=1\" src=\"https:\/\/i0.wp.com\/thekidsstudioparis.com\/wp-content\/uploads\/2026\/08\/About-Banner-The-Kids-Studio-1-4.png?resize=1024%2C473&#038;ssl=1\" alt=\"\" class=\"wp-image-1165\" style=\"aspect-ratio:2.1649048625792813;object-fit:cover;width:509px;height:auto\" srcset=\"https:\/\/i0.wp.com\/thekidsstudioparis.com\/wp-content\/uploads\/2026\/08\/About-Banner-The-Kids-Studio-1-4.png?resize=1024%2C473&amp;ssl=1 1024w, https:\/\/i0.wp.com\/thekidsstudioparis.com\/wp-content\/uploads\/2026\/08\/About-Banner-The-Kids-Studio-1-4.png?resize=300%2C139&amp;ssl=1 300w, https:\/\/i0.wp.com\/thekidsstudioparis.com\/wp-content\/uploads\/2026\/08\/About-Banner-The-Kids-Studio-1-4.png?resize=768%2C355&amp;ssl=1 768w, https:\/\/i0.wp.com\/thekidsstudioparis.com\/wp-content\/uploads\/2026\/08\/About-Banner-The-Kids-Studio-1-4.png?resize=1536%2C710&amp;ssl=1 1536w, https:\/\/i0.wp.com\/thekidsstudioparis.com\/wp-content\/uploads\/2026\/08\/About-Banner-The-Kids-Studio-1-4.png?resize=2048%2C946&amp;ssl=1 2048w, https:\/\/i0.wp.com\/thekidsstudioparis.com\/wp-content\/uploads\/2026\/08\/About-Banner-The-Kids-Studio-1-4.png?resize=18%2C8&amp;ssl=1 18w, https:\/\/i0.wp.com\/thekidsstudioparis.com\/wp-content\/uploads\/2026\/08\/About-Banner-The-Kids-Studio-1-4.png?resize=1200%2C554&amp;ssl=1 1200w, https:\/\/i0.wp.com\/thekidsstudioparis.com\/wp-content\/uploads\/2026\/08\/About-Banner-The-Kids-Studio-1-4.png?w=3000&amp;ssl=1 3000w\" sizes=\"auto, (max-width: 1000px) 100vw, 1000px\" \/><\/figure>\n\n\n\n<ul class=\"wp-block-list\">\n<li>3 heures<\/li>\n\n\n\n<li>Projets artistiques : trousse \u00e0 crayons et journal DIY<\/li>\n\n\n\n<li>45\u20ac<\/li>\n\n\n\n<li>Go\u00fbter inclus&nbsp;<\/li>\n\n\n\n<li>For ages 3-11<\/li>\n<\/ul>\n\n\n\n<div class=\"wp-block-buttons is-layout-flex wp-block-buttons-is-layout-flex\">\n<div class=\"wp-block-button\"><a class=\"wp-block-button__link wp-element-button\" href=\"https:\/\/thekidsstudioparis.com\/fr\/2026\/08\/03\/the-back-to-school-pop-up\/\" style=\"border-top-left-radius:300px;border-top-right-radius:300px;border-bottom-left-radius:300px;border-bottom-right-radius:300px\">S\u2019inscrire ici<\/a><\/div>\n<\/div>\n\n\n\n<figure class=\"wp-block-image size-large is-resized\"><img data-recalc-dims=\"1\" loading=\"lazy\" decoding=\"async\" width=\"1024\" height=\"148\" data-attachment-id=\"868\" data-permalink=\"https:\/\/thekidsstudioparis.com\/fr\/?attachment_id=868\" data-orig-file=\"https:\/\/i0.wp.com\/thekidsstudioparis.com\/wp-content\/uploads\/2026\/06\/About-Banner-The-Kids-Studio-1-1.png?fit=2086%2C301&amp;ssl=1\" data-orig-size=\"2086,301\" data-comments-opened=\"0\" data-image-meta=\"{&quot;aperture&quot;:&quot;0&quot;,&quot;credit&quot;:&quot;&quot;,&quot;camera&quot;:&quot;&quot;,&quot;caption&quot;:&quot;&quot;,&quot;created_timestamp&quot;:&quot;0&quot;,&quot;copyright&quot;:&quot;&quot;,&quot;focal_length&quot;:&quot;0&quot;,&quot;iso&quot;:&quot;0&quot;,&quot;shutter_speed&quot;:&quot;0&quot;,&quot;title&quot;:&quot;&quot;,&quot;orientation&quot;:&quot;0&quot;,&quot;alt&quot;:&quot;&quot;}\" data-image-title=\"About Banner &amp;#8211; The Kids Studio (1)\" data-image-description=\"\" data-image-caption=\"\" data-large-file=\"https:\/\/i0.wp.com\/thekidsstudioparis.com\/wp-content\/uploads\/2026\/06\/About-Banner-The-Kids-Studio-1-1.png?fit=1024%2C148&amp;ssl=1\" src=\"https:\/\/i0.wp.com\/thekidsstudioparis.com\/wp-content\/uploads\/2026\/06\/About-Banner-The-Kids-Studio-1-1.png?resize=1024%2C148&#038;ssl=1\" alt=\"\" class=\"wp-image-868\" style=\"width:509px;height:auto\" srcset=\"https:\/\/i0.wp.com\/thekidsstudioparis.com\/wp-content\/uploads\/2026\/06\/About-Banner-The-Kids-Studio-1-1.png?resize=1024%2C148&amp;ssl=1 1024w, https:\/\/i0.wp.com\/thekidsstudioparis.com\/wp-content\/uploads\/2026\/06\/About-Banner-The-Kids-Studio-1-1.png?resize=300%2C43&amp;ssl=1 300w, https:\/\/i0.wp.com\/thekidsstudioparis.com\/wp-content\/uploads\/2026\/06\/About-Banner-The-Kids-Studio-1-1.png?resize=768%2C111&amp;ssl=1 768w, https:\/\/i0.wp.com\/thekidsstudioparis.com\/wp-content\/uploads\/2026\/06\/About-Banner-The-Kids-Studio-1-1.png?resize=1536%2C222&amp;ssl=1 1536w, https:\/\/i0.wp.com\/thekidsstudioparis.com\/wp-content\/uploads\/2026\/06\/About-Banner-The-Kids-Studio-1-1.png?resize=2048%2C296&amp;ssl=1 2048w, https:\/\/i0.wp.com\/thekidsstudioparis.com\/wp-content\/uploads\/2026\/06\/About-Banner-The-Kids-Studio-1-1.png?resize=18%2C3&amp;ssl=1 18w, https:\/\/i0.wp.com\/thekidsstudioparis.com\/wp-content\/uploads\/2026\/06\/About-Banner-The-Kids-Studio-1-1.png?resize=1200%2C173&amp;ssl=1 1200w\" sizes=\"auto, (max-width: 1000px) 100vw, 1000px\" \/><\/figure>\n\n\n\n<h2 class=\"wp-block-heading\">Lieu :<\/h2>\n\n\n\n<p class=\"wp-block-paragraph\">Atelier Porte Soleil: <a href=\"https:\/\/maps.app.goo.gl\/k6Ka9FbmpxMmX1ne8\">57 Rue des Vinaigriers, 75010 Paris<\/a><\/p>\n\n\n\n<figure class=\"wp-block-image size-large is-resized\"><img data-recalc-dims=\"1\" loading=\"lazy\" decoding=\"async\" width=\"1024\" height=\"621\" data-attachment-id=\"1146\" data-permalink=\"https:\/\/thekidsstudioparis.com\/fr\/event\/pop-up\/back-to-school-atelier\/\" data-orig-file=\"https:\/\/i0.wp.com\/thekidsstudioparis.com\/wp-content\/uploads\/2026\/08\/Back-to-School-Atelier.png?fit=6222%2C3776&amp;ssl=1\" data-orig-size=\"6222,3776\" data-comments-opened=\"0\" data-image-meta=\"{&quot;aperture&quot;:&quot;0&quot;,&quot;credit&quot;:&quot;&quot;,&quot;camera&quot;:&quot;&quot;,&quot;caption&quot;:&quot;&quot;,&quot;created_timestamp&quot;:&quot;0&quot;,&quot;copyright&quot;:&quot;&quot;,&quot;focal_length&quot;:&quot;0&quot;,&quot;iso&quot;:&quot;0&quot;,&quot;shutter_speed&quot;:&quot;0&quot;,&quot;title&quot;:&quot;&quot;,&quot;orientation&quot;:&quot;0&quot;,&quot;alt&quot;:&quot;&quot;}\" data-image-title=\"Back to School Atelier\" data-image-description=\"\" data-image-caption=\"\" data-large-file=\"https:\/\/i0.wp.com\/thekidsstudioparis.com\/wp-content\/uploads\/2026\/08\/Back-to-School-Atelier.png?fit=1024%2C621&amp;ssl=1\" src=\"https:\/\/i0.wp.com\/thekidsstudioparis.com\/wp-content\/uploads\/2026\/08\/Back-to-School-Atelier.png?resize=1024%2C621&#038;ssl=1\" alt=\"\" class=\"wp-image-1146\" style=\"aspect-ratio:1.6473616473616473;width:606px;height:auto\" srcset=\"https:\/\/i0.wp.com\/thekidsstudioparis.com\/wp-content\/uploads\/2026\/08\/Back-to-School-Atelier.png?resize=1024%2C621&amp;ssl=1 1024w, https:\/\/i0.wp.com\/thekidsstudioparis.com\/wp-content\/uploads\/2026\/08\/Back-to-School-Atelier.png?resize=300%2C182&amp;ssl=1 300w, https:\/\/i0.wp.com\/thekidsstudioparis.com\/wp-content\/uploads\/2026\/08\/Back-to-School-Atelier.png?resize=768%2C466&amp;ssl=1 768w, https:\/\/i0.wp.com\/thekidsstudioparis.com\/wp-content\/uploads\/2026\/08\/Back-to-School-Atelier.png?resize=1536%2C932&amp;ssl=1 1536w, https:\/\/i0.wp.com\/thekidsstudioparis.com\/wp-content\/uploads\/2026\/08\/Back-to-School-Atelier.png?resize=2048%2C1243&amp;ssl=1 2048w, https:\/\/i0.wp.com\/thekidsstudioparis.com\/wp-content\/uploads\/2026\/08\/Back-to-School-Atelier.png?resize=18%2C12&amp;ssl=1 18w, https:\/\/i0.wp.com\/thekidsstudioparis.com\/wp-content\/uploads\/2026\/08\/Back-to-School-Atelier.png?w=3000&amp;ssl=1 3000w\" sizes=\"auto, (max-width: 1000px) 100vw, 1000px\" \/><\/figure>\n\n\n\n<p class=\"wp-block-paragraph\">Situ\u00e9 \u00e0 quelques pas du Canal Saint-Martin, dans le 10e arrondissement de Paris, c\u2019est l\u2019activit\u00e9 id\u00e9ale pendant que vous profitez des caf\u00e9s, restaurants et boutiques du quartier.<\/p>\n\n\n\n<div class=\"wp-block-jetpack-map\" data-map-id=\"jp-map-1\" data-map-provider=\"mapkit\" data-api-key=\"pk.eyJ1IjoiYXV0b21hdHRpYyIsImEiOiJjazVpZjA5aWswYTFvM21sOWtzNW1rNG9lIn0.Gu-sp4wRxnnQB-Qa8CpuZQ\" data-map-style=\"default\" data-blog-id=\"255401515\"><ul><li><a href=\"https:\/\/www.google.com\/maps\/search\/?api=1&amp;query=48.8731837,2.3594707\">57 Rue des Vinaigriers, 75010 Paris, France<\/a><\/li><\/ul><\/div>\n\n\n\n<p class=\"wp-block-paragraph\"><span style=\"text-decoration: underline;\">Politique de remboursement et d\u2019annulation<\/span>&nbsp;En raison du nombre limit\u00e9 de places et de la pr\u00e9paration n\u00e9cessaire pour cet \u00e9v\u00e9nement, les inscriptions ne sont pas remboursables.<\/p>\n\n\n\n<p class=\"wp-block-paragraph\">Les remboursements seront uniquement accord\u00e9s en cas d\u2019urgence m\u00e9dicale justifi\u00e9e par un document. Merci de votre compr\u00e9hension !<\/p>\n\n\n\n<p class=\"wp-block-paragraph\"><\/p>","protected":false},"excerpt":{"rendered":"<p>Saturday, August 29 Kick off the school year with a day of creative art projects, games, &amp; fun! The Kids Studio and Lumi\u00e8re Family Events have teamed up to create a special Back to School pop-up where children can make personalized school essentials and get excited to head back to class.&nbsp; Each workshop is packed [&hellip;]<\/p>\n","protected":false},"author":281488239,"featured_media":607,"comment_status":"closed","ping_status":"closed","template":"page-with-drop-down-menu","meta":{"advanced_seo_description":"","jetpack_seo_html_title":"","jetpack_seo_noindex":false,"jetpack_seo_schema_type":"","_start_date":"2026-08-29","_end_date":"2026-08-29","_start_time":"","_end_time":"","_color":"#0f4235","footnotes":""},"class_list":["post-862","ventocalendar_event","type-ventocalendar_event","status-publish","has-post-thumbnail","hentry"],"jetpack_likes_enabled":true,"jetpack_sharing_enabled":true,"_links":{"self":[{"href":"https:\/\/thekidsstudioparis.com\/fr\/wp-json\/wp\/v2\/ventocalendar_event\/862","targetHints":{"allow":["GET"]}}],"collection":[{"href":"https:\/\/thekidsstudioparis.com\/fr\/wp-json\/wp\/v2\/ventocalendar_event"}],"about":[{"href":"https:\/\/thekidsstudioparis.com\/fr\/wp-json\/wp\/v2\/types\/ventocalendar_event"}],"author":[{"embeddable":true,"href":"https:\/\/thekidsstudioparis.com\/fr\/wp-json\/wp\/v2\/users\/281488239"}],"replies":[{"embeddable":true,"href":"https:\/\/thekidsstudioparis.com\/fr\/wp-json\/wp\/v2\/comments?post=862"}],"version-history":[{"count":17,"href":"https:\/\/thekidsstudioparis.com\/fr\/wp-json\/wp\/v2\/ventocalendar_event\/862\/revisions"}],"predecessor-version":[{"id":1166,"href":"https:\/\/thekidsstudioparis.com\/fr\/wp-json\/wp\/v2\/ventocalendar_event\/862\/revisions\/1166"}],"wp:featuredmedia":[{"embeddable":true,"href":"https:\/\/thekidsstudioparis.com\/fr\/wp-json\/wp\/v2\/media\/607"}],"wp:attachment":[{"href":"https:\/\/thekidsstudioparis.com\/fr\/wp-json\/wp\/v2\/media?parent=862"}],"curies":[{"name":"wp","href":"https:\/\/api.w.org\/{rel}","templated":true}]}}